{"id":77,"date":"2024-01-17T11:16:26","date_gmt":"2024-01-17T10:16:26","guid":{"rendered":"https:\/\/www.route-grandes-alpes.com\/gr5-alpes\/?post_type=portfolio&#038;p=77"},"modified":"2024-01-19T16:14:15","modified_gmt":"2024-01-19T15:14:15","slug":"histoire-gr5-alpes","status":"publish","type":"portfolio","link":"https:\/\/www.grande-traversee-alpes.com\/en\/portfolio-item\/histoire-gr5-alpes\/","title":{"rendered":"L&#8217;histoire"},"content":{"rendered":"<div class=\"wpb-content-wrapper\"><div class=\"vc_row wpb_row vc_row-fluid\"><div class=\"wpb_column vc_column_container vc_col-sm-12\"><div class=\"vc_column-inner\"><div class=\"wpb_wrapper\"><div id=\"ultimate-heading-799069f158bfbbf48\" class=\"uvc-heading ult-adjust-bottom-margin ultimate-heading-799069f158bfbbf48 uvc-6694 \" data-hspacer=\"no_spacer\"  data-halign=\"left\" style=\"text-align:left\"><div class=\"uvc-heading-spacer no_spacer\" style=\"top\"><\/div><div class=\"uvc-main-heading ult-responsive\"  data-ultimate-target='.uvc-heading.ultimate-heading-799069f158bfbbf48 h2'  data-responsive-json-new='{\"font-size\":\"\",\"line-height\":\"\"}' ><h2 style=\"font-weight:bold;color:#00627b;\">Petite histoire d'un grand GR\u00ae<\/h2><\/div><\/div><div class=\"vc_row wpb_row vc_inner vc_row-fluid\"><div class=\"wpb_column vc_column_container vc_col-sm-8\"><div class=\"vc_column-inner\"><div class=\"wpb_wrapper\">\n\t<div class=\"wpb_text_column wpb_content_element\" >\n\t\t<div class=\"wpb_wrapper\">\n\t\t\t<p>Le GR<sup>\u00ae<\/sup>5 part de la mer du Nord pour rejoindre la mer M\u00e9diterran\u00e9e \u00e0 Nice, totalisant 2 600 kilom\u00e8tres de distance.<\/p>\n<p>Il a \u00e9t\u00e9 balis\u00e9 comme itin\u00e9raire de Grande Randonn\u00e9e (GR<sup>\u00ae<\/sup>), d\u00e8s la fin des ann\u00e9es 40, par ce qui deviendra la F\u00e9d\u00e9ration fran\u00e7aise de la Randonn\u00e9e. Il passe aux Pays-Bas, en Belgique, au Luxembourg, une premi\u00e8re fois en France, puis en Suisse, o\u00f9 il poursuit sa travers\u00e9e du Jura jusqu&#8217;au lac L\u00e9man. Il revient enfin en France pour la travers\u00e9e nord-sud des Alpes, du lac L\u00e9man \u00e0 la M\u00e9diterran\u00e9e.<\/p>\n<p>C&#8217;est sur cette partie qu&#8217;il prend son appellation de Grande Travers\u00e9e des Alpes.<\/p>\n\n\t\t<\/div>\n\t<\/div>\n<\/div><\/div><\/div><div class=\"wpb_column vc_column_container vc_col-sm-4\"><div class=\"vc_column-inner\"><div class=\"wpb_wrapper\">\n\t<div  class=\"wpb_single_image wpb_content_element vc_align_center wpb_content_element\">\n\t\t\n\t\t<figure class=\"wpb_wrapper vc_figure\">\n\t\t\t<a class=\"\" data-lightbox=\"lightbox[rel-77-520205857]\" href=\"https:\/\/www.grande-traversee-alpes.com\/wp-content\/uploads\/2018\/04\/GR5-Alpes-panneau-histoire-1024x683.jpg\" target=\"_self\" class=\"vc_single_image-wrapper   vc_box_border_grey\"><img loading=\"lazy\" decoding=\"async\" width=\"1200\" height=\"800\" src=\"https:\/\/www.grande-traversee-alpes.com\/wp-content\/uploads\/2018\/04\/GR5-Alpes-panneau-histoire.jpg\" class=\"vc_single_image-img attachment-full\" alt=\"\" title=\"GR5-Alpes-panneau-histoire\" srcset=\"https:\/\/www.grande-traversee-alpes.com\/wp-content\/uploads\/2018\/04\/GR5-Alpes-panneau-histoire.jpg 1200w, https:\/\/www.grande-traversee-alpes.com\/wp-content\/uploads\/2018\/04\/GR5-Alpes-panneau-histoire-300x200.jpg 300w, https:\/\/www.grande-traversee-alpes.com\/wp-content\/uploads\/2018\/04\/GR5-Alpes-panneau-histoire-768x512.jpg 768w, https:\/\/www.grande-traversee-alpes.com\/wp-content\/uploads\/2018\/04\/GR5-Alpes-panneau-histoire-1024x683.jpg 1024w, https:\/\/www.grande-traversee-alpes.com\/wp-content\/uploads\/2018\/04\/GR5-Alpes-panneau-histoire-219x146.jpg 219w, https:\/\/www.grande-traversee-alpes.com\/wp-content\/uploads\/2018\/04\/GR5-Alpes-panneau-histoire-50x33.jpg 50w, https:\/\/www.grande-traversee-alpes.com\/wp-content\/uploads\/2018\/04\/GR5-Alpes-panneau-histoire-113x75.jpg 113w\" sizes=\"auto, (max-width:767px) 480px, (max-width:1200px) 100vw, 1200px\" \/><\/a>\n\t\t<\/figure>\n\t<\/div>\n<\/div><\/div><\/div><\/div><\/div><\/div><\/div><\/div><div class=\"vc_row wpb_row vc_row-fluid\"><div class=\"wpb_column vc_column_container vc_col-sm-12\"><div class=\"vc_column-inner\"><div class=\"wpb_wrapper\"><div class=\"vc_row wpb_row vc_inner vc_row-fluid\"><div class=\"wpb_column vc_column_container vc_col-sm-12\"><div class=\"vc_column-inner\"><div class=\"wpb_wrapper\"><\/div><\/div><\/div><\/div><\/div><\/div><\/div><\/div>\n<\/div>","protected":false},"excerpt":{"rendered":"Petite histoire d'un grand GR\u00ae Le GR\u00ae5 part de la mer du Nord pour rejoindre la mer M\u00e9diterran\u00e9e \u00e0 Nice, totalisant 2 600 kilom\u00e8tres de distance.<span class=\"excerpt-hellip\"> [\u2026]<\/span>","protected":false},"author":1,"featured_media":78,"menu_order":0,"comment_status":"closed","ping_status":"closed","template":"","meta":{"_monsterinsights_skip_tracking":false,"_monsterinsights_sitenote_active":false,"_monsterinsights_sitenote_note":"","_monsterinsights_sitenote_category":0},"portfolio-types":[7],"class_list":["post-77","portfolio","type-portfolio","status-publish","has-post-thumbnail","hentry","portfolio-types-les-autres-informations"],"yoast_head":"<!-- This site is optimized with the Yoast SEO plugin v27.5 - https:\/\/yoast.com\/product\/yoast-seo-wordpress\/ -->\n<title>L&#039;histoire de la grande travers\u00e9e des Alpes par le GR5<\/title>\n<meta name=\"robots\" content=\"index, follow, max-snippet:-1, max-image-preview:large, max-video-preview:-1\" \/>\n<link rel=\"canonical\" href=\"https:\/\/www.grande-traversee-alpes.com\/en\/portfolio-item\/histoire-gr5-alpes\/\" \/>\n<meta property=\"og:locale\" content=\"en_US\" \/>\n<meta property=\"og:locale:alternate\" content=\"fr_FR\" \/>\n<meta property=\"og:type\" content=\"article\" \/>\n<meta property=\"og:title\" content=\"L&#039;histoire de la grande travers\u00e9e des Alpes par le GR5\" \/>\n<meta property=\"og:url\" content=\"https:\/\/www.grande-traversee-alpes.com\/en\/portfolio-item\/histoire-gr5-alpes\/\" \/>\n<meta property=\"og:site_name\" content=\"GR5 Alpes\" \/>\n<meta property=\"article:modified_time\" content=\"2024-01-19T15:14:15+00:00\" \/>\n<meta property=\"og:image\" content=\"https:\/\/www.grande-traversee-alpes.com\/wp-content\/uploads\/2018\/04\/GR5-Alpes-histoire.jpg\" \/>\n\t<meta property=\"og:image:width\" content=\"1200\" \/>\n\t<meta property=\"og:image:height\" content=\"800\" \/>\n\t<meta property=\"og:image:type\" content=\"image\/jpeg\" \/>\n<meta name=\"twitter:card\" content=\"summary_large_image\" \/>\n<meta name=\"twitter:label1\" content=\"Est. reading time\" \/>\n\t<meta name=\"twitter:data1\" content=\"1 minute\" \/>\n<script type=\"application\/ld+json\" class=\"yoast-schema-graph\">{\"@context\":\"https:\\\/\\\/schema.org\",\"@graph\":[{\"@type\":\"WebPage\",\"@id\":\"https:\\\/\\\/www.grande-traversee-alpes.com\\\/portfolio-item\\\/histoire-gr5-alpes\\\/\",\"url\":\"https:\\\/\\\/www.grande-traversee-alpes.com\\\/portfolio-item\\\/histoire-gr5-alpes\\\/\",\"name\":\"L'histoire de la grande travers\u00e9e des Alpes par le GR5\",\"isPartOf\":{\"@id\":\"https:\\\/\\\/www.grande-traversee-alpes.com\\\/#website\"},\"primaryImageOfPage\":{\"@id\":\"https:\\\/\\\/www.grande-traversee-alpes.com\\\/portfolio-item\\\/histoire-gr5-alpes\\\/#primaryimage\"},\"image\":{\"@id\":\"https:\\\/\\\/www.grande-traversee-alpes.com\\\/portfolio-item\\\/histoire-gr5-alpes\\\/#primaryimage\"},\"thumbnailUrl\":\"https:\\\/\\\/www.grande-traversee-alpes.com\\\/wp-content\\\/uploads\\\/2018\\\/04\\\/GR5-Alpes-histoire.jpg\",\"datePublished\":\"2024-01-17T10:16:26+00:00\",\"dateModified\":\"2024-01-19T15:14:15+00:00\",\"breadcrumb\":{\"@id\":\"https:\\\/\\\/www.grande-traversee-alpes.com\\\/portfolio-item\\\/histoire-gr5-alpes\\\/#breadcrumb\"},\"inLanguage\":\"en-US\",\"potentialAction\":[{\"@type\":\"ReadAction\",\"target\":[\"https:\\\/\\\/www.grande-traversee-alpes.com\\\/portfolio-item\\\/histoire-gr5-alpes\\\/\"]}]},{\"@type\":\"ImageObject\",\"inLanguage\":\"en-US\",\"@id\":\"https:\\\/\\\/www.grande-traversee-alpes.com\\\/portfolio-item\\\/histoire-gr5-alpes\\\/#primaryimage\",\"url\":\"https:\\\/\\\/www.grande-traversee-alpes.com\\\/wp-content\\\/uploads\\\/2018\\\/04\\\/GR5-Alpes-histoire.jpg\",\"contentUrl\":\"https:\\\/\\\/www.grande-traversee-alpes.com\\\/wp-content\\\/uploads\\\/2018\\\/04\\\/GR5-Alpes-histoire.jpg\",\"width\":1200,\"height\":800},{\"@type\":\"BreadcrumbList\",\"@id\":\"https:\\\/\\\/www.grande-traversee-alpes.com\\\/portfolio-item\\\/histoire-gr5-alpes\\\/#breadcrumb\",\"itemListElement\":[{\"@type\":\"ListItem\",\"position\":1,\"name\":\"Accueil\",\"item\":\"https:\\\/\\\/www.grande-traversee-alpes.com\\\/\"},{\"@type\":\"ListItem\",\"position\":2,\"name\":\"L&#8217;histoire\"}]},{\"@type\":\"WebSite\",\"@id\":\"https:\\\/\\\/www.grande-traversee-alpes.com\\\/#website\",\"url\":\"https:\\\/\\\/www.grande-traversee-alpes.com\\\/\",\"name\":\"GR5 Alpes\",\"description\":\"GR\u00ae5 - la grande travers\u00e9e des Alpes\",\"publisher\":{\"@id\":\"https:\\\/\\\/www.grande-traversee-alpes.com\\\/#organization\"},\"potentialAction\":[{\"@type\":\"SearchAction\",\"target\":{\"@type\":\"EntryPoint\",\"urlTemplate\":\"https:\\\/\\\/www.grande-traversee-alpes.com\\\/?s={search_term_string}\"},\"query-input\":{\"@type\":\"PropertyValueSpecification\",\"valueRequired\":true,\"valueName\":\"search_term_string\"}}],\"inLanguage\":\"en-US\"},{\"@type\":\"Organization\",\"@id\":\"https:\\\/\\\/www.grande-traversee-alpes.com\\\/#organization\",\"name\":\"GR5 Alpes\",\"url\":\"https:\\\/\\\/www.grande-traversee-alpes.com\\\/\",\"logo\":{\"@type\":\"ImageObject\",\"inLanguage\":\"en-US\",\"@id\":\"https:\\\/\\\/www.grande-traversee-alpes.com\\\/#\\\/schema\\\/logo\\\/image\\\/\",\"url\":\"https:\\\/\\\/www.grande-traversee-alpes.com\\\/wp-content\\\/uploads\\\/2024\\\/01\\\/cropped-icone-gta-2.png\",\"contentUrl\":\"https:\\\/\\\/www.grande-traversee-alpes.com\\\/wp-content\\\/uploads\\\/2024\\\/01\\\/cropped-icone-gta-2.png\",\"width\":378,\"height\":328,\"caption\":\"GR5 Alpes\"},\"image\":{\"@id\":\"https:\\\/\\\/www.grande-traversee-alpes.com\\\/#\\\/schema\\\/logo\\\/image\\\/\"}}]}<\/script>\n<!-- \/ Yoast SEO plugin. -->","yoast_head_json":{"title":"L'histoire de la grande travers\u00e9e des Alpes par le GR5","robots":{"index":"index","follow":"follow","max-snippet":"max-snippet:-1","max-image-preview":"max-image-preview:large","max-video-preview":"max-video-preview:-1"},"canonical":"https:\/\/www.grande-traversee-alpes.com\/en\/portfolio-item\/histoire-gr5-alpes\/","og_locale":"en_US","og_type":"article","og_title":"L'histoire de la grande travers\u00e9e des Alpes par le GR5","og_url":"https:\/\/www.grande-traversee-alpes.com\/en\/portfolio-item\/histoire-gr5-alpes\/","og_site_name":"GR5 Alpes","article_modified_time":"2024-01-19T15:14:15+00:00","og_image":[{"width":1200,"height":800,"url":"https:\/\/www.grande-traversee-alpes.com\/wp-content\/uploads\/2018\/04\/GR5-Alpes-histoire.jpg","type":"image\/jpeg"}],"twitter_card":"summary_large_image","twitter_misc":{"Est. reading time":"1 minute"},"schema":{"@context":"https:\/\/schema.org","@graph":[{"@type":"WebPage","@id":"https:\/\/www.grande-traversee-alpes.com\/portfolio-item\/histoire-gr5-alpes\/","url":"https:\/\/www.grande-traversee-alpes.com\/portfolio-item\/histoire-gr5-alpes\/","name":"L'histoire de la grande travers\u00e9e des Alpes par le GR5","isPartOf":{"@id":"https:\/\/www.grande-traversee-alpes.com\/#website"},"primaryImageOfPage":{"@id":"https:\/\/www.grande-traversee-alpes.com\/portfolio-item\/histoire-gr5-alpes\/#primaryimage"},"image":{"@id":"https:\/\/www.grande-traversee-alpes.com\/portfolio-item\/histoire-gr5-alpes\/#primaryimage"},"thumbnailUrl":"https:\/\/www.grande-traversee-alpes.com\/wp-content\/uploads\/2018\/04\/GR5-Alpes-histoire.jpg","datePublished":"2024-01-17T10:16:26+00:00","dateModified":"2024-01-19T15:14:15+00:00","breadcrumb":{"@id":"https:\/\/www.grande-traversee-alpes.com\/portfolio-item\/histoire-gr5-alpes\/#breadcrumb"},"inLanguage":"en-US","potentialAction":[{"@type":"ReadAction","target":["https:\/\/www.grande-traversee-alpes.com\/portfolio-item\/histoire-gr5-alpes\/"]}]},{"@type":"ImageObject","inLanguage":"en-US","@id":"https:\/\/www.grande-traversee-alpes.com\/portfolio-item\/histoire-gr5-alpes\/#primaryimage","url":"https:\/\/www.grande-traversee-alpes.com\/wp-content\/uploads\/2018\/04\/GR5-Alpes-histoire.jpg","contentUrl":"https:\/\/www.grande-traversee-alpes.com\/wp-content\/uploads\/2018\/04\/GR5-Alpes-histoire.jpg","width":1200,"height":800},{"@type":"BreadcrumbList","@id":"https:\/\/www.grande-traversee-alpes.com\/portfolio-item\/histoire-gr5-alpes\/#breadcrumb","itemListElement":[{"@type":"ListItem","position":1,"name":"Accueil","item":"https:\/\/www.grande-traversee-alpes.com\/"},{"@type":"ListItem","position":2,"name":"L&#8217;histoire"}]},{"@type":"WebSite","@id":"https:\/\/www.grande-traversee-alpes.com\/#website","url":"https:\/\/www.grande-traversee-alpes.com\/","name":"GR5 Alpes","description":"GR\u00ae5 - la grande travers\u00e9e des Alpes","publisher":{"@id":"https:\/\/www.grande-traversee-alpes.com\/#organization"},"potentialAction":[{"@type":"SearchAction","target":{"@type":"EntryPoint","urlTemplate":"https:\/\/www.grande-traversee-alpes.com\/?s={search_term_string}"},"query-input":{"@type":"PropertyValueSpecification","valueRequired":true,"valueName":"search_term_string"}}],"inLanguage":"en-US"},{"@type":"Organization","@id":"https:\/\/www.grande-traversee-alpes.com\/#organization","name":"GR5 Alpes","url":"https:\/\/www.grande-traversee-alpes.com\/","logo":{"@type":"ImageObject","inLanguage":"en-US","@id":"https:\/\/www.grande-traversee-alpes.com\/#\/schema\/logo\/image\/","url":"https:\/\/www.grande-traversee-alpes.com\/wp-content\/uploads\/2024\/01\/cropped-icone-gta-2.png","contentUrl":"https:\/\/www.grande-traversee-alpes.com\/wp-content\/uploads\/2024\/01\/cropped-icone-gta-2.png","width":378,"height":328,"caption":"GR5 Alpes"},"image":{"@id":"https:\/\/www.grande-traversee-alpes.com\/#\/schema\/logo\/image\/"}}]}},"_links":{"self":[{"href":"https:\/\/www.grande-traversee-alpes.com\/en\/wp-json\/wp\/v2\/portfolio\/77","targetHints":{"allow":["GET"]}}],"collection":[{"href":"https:\/\/www.grande-traversee-alpes.com\/en\/wp-json\/wp\/v2\/portfolio"}],"about":[{"href":"https:\/\/www.grande-traversee-alpes.com\/en\/wp-json\/wp\/v2\/types\/portfolio"}],"author":[{"embeddable":true,"href":"https:\/\/www.grande-traversee-alpes.com\/en\/wp-json\/wp\/v2\/users\/1"}],"replies":[{"embeddable":true,"href":"https:\/\/www.grande-traversee-alpes.com\/en\/wp-json\/wp\/v2\/comments?post=77"}],"wp:featuredmedia":[{"embeddable":true,"href":"https:\/\/www.grande-traversee-alpes.com\/en\/wp-json\/wp\/v2\/media\/78"}],"wp:attachment":[{"href":"https:\/\/www.grande-traversee-alpes.com\/en\/wp-json\/wp\/v2\/media?parent=77"}],"wp:term":[{"taxonomy":"portfolio-types","embeddable":true,"href":"https:\/\/www.grande-traversee-alpes.com\/en\/wp-json\/wp\/v2\/portfolio-types?post=77"}],"curies":[{"name":"wp","href":"https:\/\/api.w.org\/{rel}","templated":true}]}}